{"id":546,"date":"2023-05-15T11:46:27","date_gmt":"2023-05-15T10:46:27","guid":{"rendered":"https:\/\/apartamentosverazul.com\/?page_id=546"},"modified":"2026-01-15T11:34:13","modified_gmt":"2026-01-15T10:34:13","slug":"precios-y-condiciones","status":"publish","type":"page","link":"https:\/\/apartamentosverazul.com\/index.php\/precios-y-condiciones\/","title":{"rendered":"Precios y condiciones"},"content":{"rendered":"\t\t<div data-elementor-type=\"wp-page\" data-elementor-id=\"546\" class=\"elementor elementor-546\">\n\t\t\t\t\t\t<section class=\"elementor-section elementor-top-section elementor-element elementor-element-3d0da7d elementor-section-boxed elementor-section-height-default elementor-section-height-default\" data-id=\"3d0da7d\" data-element_type=\"section\" data-e-type=\"section\">\n\t\t\t\t\t\t<div class=\"elementor-container elementor-column-gap-default\">\n\t\t\t\t\t<div class=\"elementor-column elementor-col-100 elementor-top-column elementor-element elementor-element-931aadd\" data-id=\"931aadd\" data-element_type=\"column\" data-e-type=\"column\">\n\t\t\t<div class=\"elementor-widget-wrap elementor-element-populated\">\n\t\t\t\t\t\t<div class=\"elementor-element elementor-element-e769f60 elementor-widget elementor-widget-heading\" data-id=\"e769f60\" data-element_type=\"widget\" data-e-type=\"widget\" data-widget_type=\"heading.default\">\n\t\t\t\t<div class=\"elementor-widget-container\">\n\t\t\t\t\t<h2 class=\"elementor-heading-title elementor-size-default\">Tarifas<\/h2>\t\t\t\t<\/div>\n\t\t\t\t<\/div>\n\t\t\t\t\t<\/div>\n\t\t<\/div>\n\t\t\t\t\t<\/div>\n\t\t<\/section>\n\t\t\t\t<section class=\"elementor-section elementor-top-section elementor-element elementor-element-a1afe03 elementor-section-boxed elementor-section-height-default elementor-section-height-default\" data-id=\"a1afe03\" data-element_type=\"section\" data-e-type=\"section\">\n\t\t\t\t\t\t<div class=\"elementor-container elementor-column-gap-default\">\n\t\t\t\t\t<div class=\"elementor-column elementor-col-100 elementor-top-column elementor-element elementor-element-ad6adfd\" data-id=\"ad6adfd\" data-element_type=\"column\" data-e-type=\"column\">\n\t\t\t<div class=\"elementor-widget-wrap elementor-element-populated\">\n\t\t\t\t\t\t<div class=\"elementor-element elementor-element-d5daff3 eael-dt-th-align-center eael-table-align-center elementor-widget elementor-widget-eael-data-table\" data-id=\"d5daff3\" data-element_type=\"widget\" data-e-type=\"widget\" data-widget_type=\"eael-data-table.default\">\n\t\t\t\t<div class=\"elementor-widget-container\">\n\t\t\t\t\t\t\t<div class=\"eael-data-table-wrap\" data-table_id=\"d5daff3\" id=\"eael-data-table-wrapper-d5daff3\" data-custom_responsive=\"false\">\n\t\t\t<table class=\"tablesorter eael-data-table center\" id=\"eael-data-table-d5daff3\">\n\t\t\t    <thead>\n\t\t\t        <tr class=\"table-header\">\n\t\t\t\t\t\t\t\t\t            <th class=\"\" id=\"\" colspan=\"\">\n\t\t\t\t\t\t\t\t\t\t\t\t\t\t<span class=\"data-table-header-text\">TEMPORADA<\/span><\/th>\n\t\t\t        \t\t\t\t            <th class=\"\" id=\"\" colspan=\"\">\n\t\t\t\t\t\t\t\t\t\t\t\t\t\t<span class=\"data-table-header-text\">PRECIO \/ NOCHE<\/span><\/th>\n\t\t\t        \t\t\t\t        <\/tr>\n\t\t\t    <\/thead>\n\t\t\t  \t<tbody>\n\t\t\t\t\t\t\t\t\t\t\t<tr>\n\t\t\t\t\t\t\t\t\t\t\t\t\t\t\t\t   \t\t\t\t\t\t\t\t\t\t\t<td colspan=\"\" rowspan=\"\" class=\"\" id=\"\">\n\t\t\t\t\t\t\t\t\t\t\t\t<div class=\"td-content-wrapper\"><div class=\"td-content\">\n\t\t\t\t\t\t\t\t\t\t\t\t\tDel 1 al 14 de Junio 2026\t\t\t\t\t\t\t\t\t\t\t\t<\/div><\/div>\n\t\t\t\t\t\t\t\t\t\t\t<\/td>\n\t\t\t\t\t\t\t\t\t\t\t\t\t\t\t\t\t\t\t\t\t\t\t\t\t\t\t\t\t   \t\t\t\t\t\t\t\t\t\t\t<td colspan=\"\" rowspan=\"\" class=\"\" id=\"\">\n\t\t\t\t\t\t\t\t\t\t\t\t<div class=\"td-content-wrapper\"><div class=\"td-content\">\n\t\t\t\t\t\t\t\t\t\t\t\t\t75.-\u20ac\t\t\t\t\t\t\t\t\t\t\t\t<\/div><\/div>\n\t\t\t\t\t\t\t\t\t\t\t<\/td>\n\t\t\t\t\t\t\t\t\t\t\t\t\t\t\t\t\t\t\t\t\t\t\t\t\t\t<\/tr>\n\t\t\t        \t\t\t\t\t\t<tr>\n\t\t\t\t\t\t\t\t\t\t\t\t\t\t\t\t   \t\t\t\t\t\t\t\t\t\t\t<td colspan=\"\" rowspan=\"\" class=\"\" id=\"\">\n\t\t\t\t\t\t\t\t\t\t\t\t<div class=\"td-content-wrapper\"><div class=\"td-content\">\n\t\t\t\t\t\t\t\t\t\t\t\t\tDel 15 al \n30 Junio 2026\t\t\t\t\t\t\t\t\t\t\t\t<\/div><\/div>\n\t\t\t\t\t\t\t\t\t\t\t<\/td>\n\t\t\t\t\t\t\t\t\t\t\t\t\t\t\t\t\t\t\t\t\t\t\t\t\t\t\t\t\t   \t\t\t\t\t\t\t\t\t\t\t<td colspan=\"\" rowspan=\"\" class=\"\" id=\"\">\n\t\t\t\t\t\t\t\t\t\t\t\t<div class=\"td-content-wrapper\"><div class=\"td-content\">\n\t\t\t\t\t\t\t\t\t\t\t\t\t100.-\u20ac\t\t\t\t\t\t\t\t\t\t\t\t<\/div><\/div>\n\t\t\t\t\t\t\t\t\t\t\t<\/td>\n\t\t\t\t\t\t\t\t\t\t\t\t\t\t\t\t\t\t\t\t\t\t\t\t\t\t<\/tr>\n\t\t\t        \t\t\t\t\t\t<tr>\n\t\t\t\t\t\t\t\t\t\t\t\t\t\t\t\t   \t\t\t\t\t\t\t\t\t\t\t<td colspan=\"\" rowspan=\"\" class=\"\" id=\"\">\n\t\t\t\t\t\t\t\t\t\t\t\t<div class=\"td-content-wrapper\"><div class=\"td-content\">\n\t\t\t\t\t\t\t\t\t\t\t\t\tDel 01 al 31 Julio 2026\t\t\t\t\t\t\t\t\t\t\t\t<\/div><\/div>\n\t\t\t\t\t\t\t\t\t\t\t<\/td>\n\t\t\t\t\t\t\t\t\t\t\t\t\t\t\t\t\t\t\t\t\t\t\t\t\t\t\t\t\t   \t\t\t\t\t\t\t\t\t\t\t<td colspan=\"\" rowspan=\"\" class=\"\" id=\"\">\n\t\t\t\t\t\t\t\t\t\t\t\t<div class=\"td-content-wrapper\"><div class=\"td-content\">\n\t\t\t\t\t\t\t\t\t\t\t\t\t125.-\u20ac\t\t\t\t\t\t\t\t\t\t\t\t<\/div><\/div>\n\t\t\t\t\t\t\t\t\t\t\t<\/td>\n\t\t\t\t\t\t\t\t\t\t\t\t\t\t\t\t\t\t\t\t\t\t\t\t\t\t<\/tr>\n\t\t\t        \t\t\t\t\t\t<tr>\n\t\t\t\t\t\t\t\t\t\t\t\t\t\t\t\t   \t\t\t\t\t\t\t\t\t\t\t<td colspan=\"\" rowspan=\"\" class=\"\" id=\"\">\n\t\t\t\t\t\t\t\t\t\t\t\t<div class=\"td-content-wrapper\"><div class=\"td-content\">\n\t\t\t\t\t\t\t\t\t\t\t\t\tDel 1 al 31 de Agosto 2026\t\t\t\t\t\t\t\t\t\t\t\t<\/div><\/div>\n\t\t\t\t\t\t\t\t\t\t\t<\/td>\n\t\t\t\t\t\t\t\t\t\t\t\t\t\t\t\t\t\t\t\t\t\t\t\t\t\t\t\t\t   \t\t\t\t\t\t\t\t\t\t\t<td colspan=\"\" rowspan=\"\" class=\"\" id=\"\">\n\t\t\t\t\t\t\t\t\t\t\t\t<div class=\"td-content-wrapper\"><div class=\"td-content\">\n\t\t\t\t\t\t\t\t\t\t\t\t\t150.-\u20ac\t\t\t\t\t\t\t\t\t\t\t\t<\/div><\/div>\n\t\t\t\t\t\t\t\t\t\t\t<\/td>\n\t\t\t\t\t\t\t\t\t\t\t\t\t\t\t\t\t\t\t\t\t\t\t\t\t\t<\/tr>\n\t\t\t        \t\t\t\t\t\t<tr>\n\t\t\t\t\t\t\t\t\t\t\t\t\t\t\t\t   \t\t\t\t\t\t\t\t\t\t\t<td colspan=\"\" rowspan=\"\" class=\"\" id=\"\">\n\t\t\t\t\t\t\t\t\t\t\t\t<div class=\"td-content-wrapper\"><div class=\"td-content\">\n\t\t\t\t\t\t\t\t\t\t\t\t\tDel 1 al 14 de Septiembre 2026\t\t\t\t\t\t\t\t\t\t\t\t<\/div><\/div>\n\t\t\t\t\t\t\t\t\t\t\t<\/td>\n\t\t\t\t\t\t\t\t\t\t\t\t\t\t\t\t\t\t\t\t\t\t\t\t\t\t\t\t\t   \t\t\t\t\t\t\t\t\t\t\t<td colspan=\"\" rowspan=\"\" class=\"\" id=\"\">\n\t\t\t\t\t\t\t\t\t\t\t\t<div class=\"td-content-wrapper\"><div class=\"td-content\">\n\t\t\t\t\t\t\t\t\t\t\t\t\t100.-\u20ac\t\t\t\t\t\t\t\t\t\t\t\t<\/div><\/div>\n\t\t\t\t\t\t\t\t\t\t\t<\/td>\n\t\t\t\t\t\t\t\t\t\t\t\t\t\t\t\t\t\t\t\t\t\t\t\t\t\t<\/tr>\n\t\t\t        \t\t\t\t\t\t<tr>\n\t\t\t\t\t\t\t\t\t\t\t\t\t\t\t\t   \t\t\t\t\t\t\t\t\t\t\t<td colspan=\"\" rowspan=\"\" class=\"\" id=\"\">\n\t\t\t\t\t\t\t\t\t\t\t\t<div class=\"td-content-wrapper\"><div class=\"td-content\">\n\t\t\t\t\t\t\t\t\t\t\t\t\tDel 15 al 30 Septiembre 2026\t\t\t\t\t\t\t\t\t\t\t\t<\/div><\/div>\n\t\t\t\t\t\t\t\t\t\t\t<\/td>\n\t\t\t\t\t\t\t\t\t\t\t\t\t\t\t\t\t\t\t\t\t\t\t\t\t\t\t\t\t   \t\t\t\t\t\t\t\t\t\t\t<td colspan=\"\" rowspan=\"\" class=\"\" id=\"\">\n\t\t\t\t\t\t\t\t\t\t\t\t<div class=\"td-content-wrapper\"><div class=\"td-content\">\n\t\t\t\t\t\t\t\t\t\t\t\t\t75.-\u20ac\t\t\t\t\t\t\t\t\t\t\t\t<\/div><\/div>\n\t\t\t\t\t\t\t\t\t\t\t<\/td>\n\t\t\t\t\t\t\t\t\t\t\t\t\t\t\t\t\t\t\t\t\t\t\t\t\t\t<\/tr>\n\t\t\t        \t\t\t\t\t\t<tr>\n\t\t\t\t\t\t\t\t\t\t\t\t\t\t\t\t   \t\t\t\t\t\t\t\t\t\t\t<td colspan=\"\" rowspan=\"\" class=\"\" id=\"\">\n\t\t\t\t\t\t\t\t\t\t\t\t<div class=\"td-content-wrapper\"><div class=\"td-content\">\n\t\t\t\t\t\t\t\t\t\t\t\t\tResto temporada \t\t\t\t\t\t\t\t\t\t\t\t<\/div><\/div>\n\t\t\t\t\t\t\t\t\t\t\t<\/td>\n\t\t\t\t\t\t\t\t\t\t\t\t\t\t\t\t\t\t\t\t\t\t\t\t\t\t\t\t\t   \t\t\t\t\t\t\t\t\t\t\t<td colspan=\"\" rowspan=\"\" class=\"\" id=\"\">\n\t\t\t\t\t\t\t\t\t\t\t\t<div class=\"td-content-wrapper\"><div class=\"td-content\">\n\t\t\t\t\t\t\t\t\t\t\t\t\tConsultar\t\t\t\t\t\t\t\t\t\t\t\t<\/div><\/div>\n\t\t\t\t\t\t\t\t\t\t\t<\/td>\n\t\t\t\t\t\t\t\t\t\t\t\t\t\t\t\t\t\t\t\t\t\t\t\t\t\t<\/tr>\n\t\t\t        \t\t\t    <\/tbody>\n\t\t\t<\/table>\n\t\t<\/div>\n\t  \t\t\t\t\t<\/div>\n\t\t\t\t<\/div>\n\t\t\t\t\t<\/div>\n\t\t<\/div>\n\t\t\t\t\t<\/div>\n\t\t<\/section>\n\t\t\t\t<section class=\"elementor-section elementor-top-section elementor-element elementor-element-5f20a0f elementor-section-boxed elementor-section-height-default elementor-section-height-default\" data-id=\"5f20a0f\" data-element_type=\"section\" data-e-type=\"section\">\n\t\t\t\t\t\t<div class=\"elementor-container elementor-column-gap-default\">\n\t\t\t\t\t<div class=\"elementor-column elementor-col-100 elementor-top-column elementor-element elementor-element-2967248\" data-id=\"2967248\" data-element_type=\"column\" data-e-type=\"column\">\n\t\t\t<div class=\"elementor-widget-wrap elementor-element-populated\">\n\t\t\t\t\t\t<div class=\"elementor-element elementor-element-e2c62d2 elementor-icon-list--layout-traditional elementor-list-item-link-full_width elementor-widget elementor-widget-icon-list\" data-id=\"e2c62d2\" data-element_type=\"widget\" data-e-type=\"widget\" data-widget_type=\"icon-list.default\">\n\t\t\t\t<div class=\"elementor-widget-container\">\n\t\t\t\t\t\t\t<ul class=\"elementor-icon-list-items\">\n\t\t\t\t\t\t\t<li class=\"elementor-icon-list-item\">\n\t\t\t\t\t\t\t\t\t\t\t<span class=\"elementor-icon-list-icon\">\n\t\t\t\t\t\t\t<i aria-hidden=\"true\" class=\"fas fa-check\"><\/i>\t\t\t\t\t\t<\/span>\n\t\t\t\t\t\t\t\t\t\t<span class=\"elementor-icon-list-text\">Estancia m\u00ednima 7 noches (salvo en fechas especiales).<\/span>\n\t\t\t\t\t\t\t\t\t<\/li>\n\t\t\t\t\t\t\t\t<li class=\"elementor-icon-list-item\">\n\t\t\t\t\t\t\t\t\t\t\t<span class=\"elementor-icon-list-icon\">\n\t\t\t\t\t\t\t<i aria-hidden=\"true\" class=\"fas fa-check\"><\/i>\t\t\t\t\t\t<\/span>\n\t\t\t\t\t\t\t\t\t\t<span class=\"elementor-icon-list-text\">Ideal para familias con ni\u00f1os (2 adultos + 2 ni\u00f1os) o parejas<\/span>\n\t\t\t\t\t\t\t\t\t<\/li>\n\t\t\t\t\t\t\t\t<li class=\"elementor-icon-list-item\">\n\t\t\t\t\t\t\t\t\t\t\t<span class=\"elementor-icon-list-icon\">\n\t\t\t\t\t\t\t<i aria-hidden=\"true\" class=\"fas fa-check\"><\/i>\t\t\t\t\t\t<\/span>\n\t\t\t\t\t\t\t\t\t\t<span class=\"elementor-icon-list-text\">Las entradas y las salidas se har\u00e1n los s\u00e1bados y domingos obligatoriamente.<\/span>\n\t\t\t\t\t\t\t\t\t<\/li>\n\t\t\t\t\t\t\t\t<li class=\"elementor-icon-list-item\">\n\t\t\t\t\t\t\t\t\t\t\t<span class=\"elementor-icon-list-icon\">\n\t\t\t\t\t\t\t<i aria-hidden=\"true\" class=\"fas fa-check\"><\/i>\t\t\t\t\t\t<\/span>\n\t\t\t\t\t\t\t\t\t\t<span class=\"elementor-icon-list-text\">Existe un suplemento de 20\u20ac por noche en caso de querer calefactar el agua del jacuzzi hasta los 34\u00baC. Recomendamos contratar dicho suplemento para reservas de 15 de septiembre a 31 de mayo. <\/span>\n\t\t\t\t\t\t\t\t\t<\/li>\n\t\t\t\t\t\t\t\t<li class=\"elementor-icon-list-item\">\n\t\t\t\t\t\t\t\t\t\t\t<span class=\"elementor-icon-list-icon\">\n\t\t\t\t\t\t\t<i aria-hidden=\"true\" class=\"fas fa-check\"><\/i>\t\t\t\t\t\t<\/span>\n\t\t\t\t\t\t\t\t\t\t<span class=\"elementor-icon-list-text\">Durante el periodo estival (de 15 de junio a 15 de septiembre) no es necesario ni recomendable el agua caliente en jacuzzi exterior. Este suplemento ser\u00e1 obligatoriamente por la duraci\u00f3n completa de la estancia.<\/span>\n\t\t\t\t\t\t\t\t\t<\/li>\n\t\t\t\t\t\t<\/ul>\n\t\t\t\t\t\t<\/div>\n\t\t\t\t<\/div>\n\t\t\t\t\t<\/div>\n\t\t<\/div>\n\t\t\t\t\t<\/div>\n\t\t<\/section>\n\t\t\t\t<section class=\"elementor-section elementor-top-section elementor-element elementor-element-7943224 elementor-section-boxed elementor-section-height-default elementor-section-height-default\" data-id=\"7943224\" data-element_type=\"section\" data-e-type=\"section\">\n\t\t\t\t\t\t<div class=\"elementor-container elementor-column-gap-default\">\n\t\t\t\t\t<div class=\"elementor-column elementor-col-100 elementor-top-column elementor-element elementor-element-45f0c5b\" data-id=\"45f0c5b\" data-element_type=\"column\" data-e-type=\"column\">\n\t\t\t<div class=\"elementor-widget-wrap elementor-element-populated\">\n\t\t\t\t\t\t<div class=\"elementor-element elementor-element-bcdaa1b elementor-widget elementor-widget-heading\" data-id=\"bcdaa1b\" data-element_type=\"widget\" data-e-type=\"widget\" data-widget_type=\"heading.default\">\n\t\t\t\t<div class=\"elementor-widget-container\">\n\t\t\t\t\t<h2 class=\"elementor-heading-title elementor-size-default\">Condiciones<\/h2>\t\t\t\t<\/div>\n\t\t\t\t<\/div>\n\t\t\t\t<div class=\"elementor-element elementor-element-7ea7dcc elementor-widget elementor-widget-text-editor\" data-id=\"7ea7dcc\" data-element_type=\"widget\" data-e-type=\"widget\" data-widget_type=\"text-editor.default\">\n\t\t\t\t<div class=\"elementor-widget-container\">\n\t\t\t\t\t\t\t\t\t<p>Para tranquilidad de ambas partes, detallamos la manera de proceder para la reserva del apartamento de acuerdo al Decreto 28\/2016 de Vivienda con Fines Tur\u00edsticos de Andaluc\u00eda:<br \/>Una vez confirmada la reserva mediante e-mail, solicitaremos el env\u00edo de la documentaci\u00f3n necesaria para la preparaci\u00f3n del contrato de alquiler por temporada y el justificante de ingreso de la se\u00f1al de reserva por importe del 30% del total de la estancia.<br \/>Dicha reserva garantiza que el apartamento queda bloqueado en la fecha solicitada. Si por cualquier circunstancia decide cancelar la reserva, se atender\u00e1 a lo recogido en el Decreto 28\/2016 de Vivienda con Fines Tur\u00edsticos de Andaluc\u00eda.<br \/>Recibida la se\u00f1al mediante transferencia bancaria, se remitir\u00e1 al cliente justificante de reserva por escrito con todos los detalles.<br \/>El d\u00eda de entrega de llaves en Vera, una vez que se comprueba el apartamento contratado por el cliente, formalizar\u00edamos la firma del contrato de alquiler qued\u00e1ndonos cada uno con una copia y se har\u00eda efectiva;<br \/>La entrega de la cantidad faltante hasta completar el presupuesto acordado (70%) en efectivo o por transferencia bancaria y\/o BIZUM..<br \/>Una fianza por valor de 200 euros que se devolver\u00e1 el d\u00eda de salida una vez comprobado el correcto estado del apartamento.<\/p><p>Cumpliendo con la legislaci\u00f3n vigente (RD 933\/2021), se Comunicar\u00e1n todos los datos necesarios al Ministerio del Interior y Guardia Civil. La negaci\u00f3n al suministro de cualquiera de estos datos obligatorios har\u00e1 imposible la contrataci\u00f3n del apartamento.<\/p>\t\t\t\t\t\t\t\t<\/div>\n\t\t\t\t<\/div>\n\t\t\t\t<div class=\"elementor-element elementor-element-d930e16 elementor-widget elementor-widget-text-editor\" data-id=\"d930e16\" data-element_type=\"widget\" data-e-type=\"widget\" data-widget_type=\"text-editor.default\">\n\t\t\t\t<div class=\"elementor-widget-container\">\n\t\t\t\t\t\t\t\t\t<p>Aclaraciones: <br \/>1. Animales de compa\u00f1\u00eda no permitidos. <br \/>2. No se permite fumar en el apartamento. <br \/>3. Estancia m\u00ednima 7 noches. Consultad puentes y festivos nacionales. Intentaremos amoldarnos a sus fechas solicitadas. <br \/>4. El apartamento se entregar\u00e1 limpio, y deber\u00e1 ser devuelto en las mismas condiciones. En caso contrario se retendr\u00e1n 100\u20ac de la fianza entregada el d\u00eda de entrada. <br \/>5. D\u00eda de entrada s\u00e1bados y domingos. En cualquier caso la entrada se realizar\u00e1 a partir de las 16.30 h salvo excepciones <br \/>6. D\u00eda de salida s\u00e1bados o domingos. En cualquier caso la salida se realizar\u00e1 antes de las 12.00 h salvo excepciones.<\/p>\t\t\t\t\t\t\t\t<\/div>\n\t\t\t\t<\/div>\n\t\t\t\t<section class=\"elementor-section elementor-inner-section elementor-element elementor-element-b74f581 elementor-section-boxed elementor-section-height-default elementor-section-height-default\" data-id=\"b74f581\" data-element_type=\"section\" data-e-type=\"section\">\n\t\t\t\t\t\t<div class=\"elementor-container elementor-column-gap-default\">\n\t\t\t\t\t<div class=\"elementor-column elementor-col-50 elementor-inner-column elementor-element elementor-element-a3aa3a0\" data-id=\"a3aa3a0\" data-element_type=\"column\" data-e-type=\"column\">\n\t\t\t<div class=\"elementor-widget-wrap elementor-element-populated\">\n\t\t\t\t\t\t<div class=\"elementor-element elementor-element-d1c815f elementor-widget elementor-widget-heading\" data-id=\"d1c815f\" data-element_type=\"widget\" data-e-type=\"widget\" data-widget_type=\"heading.default\">\n\t\t\t\t<div class=\"elementor-widget-container\">\n\t\t\t\t\t<h2 class=\"elementor-heading-title elementor-size-medium\">Incluido en el precio<\/h2>\t\t\t\t<\/div>\n\t\t\t\t<\/div>\n\t\t\t\t<div class=\"elementor-element elementor-element-3314423 elementor-widget elementor-widget-text-editor\" data-id=\"3314423\" data-element_type=\"widget\" data-e-type=\"widget\" data-widget_type=\"text-editor.default\">\n\t\t\t\t<div class=\"elementor-widget-container\">\n\t\t\t\t\t\t\t\t\t<ul><li><span style=\"color: var( --e-global-color-text ); font-family: var( --e-global-typography-text-font-family ), Sans-serif; font-weight: var( --e-global-typography-text-font-weight ); background-color: transparent;\">Estancia para m\u00e1ximo 2 adultos y 2 ni\u00f1os.<\/span><\/li><li>En el precio reflejado queda incluido el uso de jacuzzi exterior en <span style=\"color: var( --e-global-color-text ); font-family: var( --e-global-typography-text-font-family ), Sans-serif; font-weight: var( --e-global-typography-text-font-weight ); background-color: transparent;\">terraza a temperatura ambiente.<\/span><\/li><li>Existe un suplemento de 20\u20ac por noche en caso de querer calefactar el agua del jacuzzi hasta los 34\u00baC. Recomendamos contratar dicho suplemento para reservas de 15 de septiembre a 31 de mayo. Durante el periodo estival (de 15 de junio a 15 de septiembre) no es necesario ni recomendable el agua caliente en jacuzzi exterior.<\/li><li>Plaza de garaje.<\/li><li>Ropa de cama y toallas. (Consultar opciones)<\/li><li>WIFI.<\/li><\/ul>\t\t\t\t\t\t\t\t<\/div>\n\t\t\t\t<\/div>\n\t\t\t\t\t<\/div>\n\t\t<\/div>\n\t\t\t\t<div class=\"elementor-column elementor-col-50 elementor-inner-column elementor-element elementor-element-4607f77\" data-id=\"4607f77\" data-element_type=\"column\" data-e-type=\"column\">\n\t\t\t<div class=\"elementor-widget-wrap elementor-element-populated\">\n\t\t\t\t\t\t<div class=\"elementor-element elementor-element-4399041 elementor-widget elementor-widget-heading\" data-id=\"4399041\" data-element_type=\"widget\" data-e-type=\"widget\" data-widget_type=\"heading.default\">\n\t\t\t\t<div class=\"elementor-widget-container\">\n\t\t\t\t\t<h2 class=\"elementor-heading-title elementor-size-medium\">No incluido en el precio<\/h2>\t\t\t\t<\/div>\n\t\t\t\t<\/div>\n\t\t\t\t<div class=\"elementor-element elementor-element-851707b elementor-widget elementor-widget-text-editor\" data-id=\"851707b\" data-element_type=\"widget\" data-e-type=\"widget\" data-widget_type=\"text-editor.default\">\n\t\t\t\t<div class=\"elementor-widget-container\">\n\t\t\t\t\t\t\t\t\t<ul><li>Comidas.<\/li><li>Limpiezas.<\/li><li>Agua caliente jacuzzi durante alquileres del 15 septiembre a 31 mayo. Suplemento de 20\u20ac \/noche (obligatoria para toda la estancia).<\/li><li>Desplazamientos al aeropuerto o estaci\u00f3n de bus o tren.<\/li><li>Ning\u00fan otro servicio tur\u00edstico.<\/li><\/ul>\t\t\t\t\t\t\t\t<\/div>\n\t\t\t\t<\/div>\n\t\t\t\t\t<\/div>\n\t\t<\/div>\n\t\t\t\t\t<\/div>\n\t\t<\/section>\n\t\t\t\t\t<\/div>\n\t\t<\/div>\n\t\t\t\t\t<\/div>\n\t\t<\/section>\n\t\t\t\t<\/div>\n\t\t","protected":false},"excerpt":{"rendered":"<p>Tarifas TEMPORADA PRECIO \/ NOCHE Del 1 al 14 de Junio 2026 75.-\u20ac Del 15 al 30 Junio 2026 100.-\u20ac Del 01 al 31 Julio 2026 125.-\u20ac Del 1 al 31 de Agosto 2026 150.-\u20ac Del 1 al 14 de Septiembre 2026 100.-\u20ac Del 15 al 30 Septiembre 2026 75.-\u20ac Resto temporada Consultar Estancia m\u00ednima&#8230;<\/p>\n","protected":false},"author":1,"featured_media":0,"parent":0,"menu_order":0,"comment_status":"closed","ping_status":"closed","template":"","meta":{"_kad_post_transparent":"","_kad_post_title":"hide","_kad_post_layout":"fullwidth","_kad_post_sidebar_id":"","_kad_post_content_style":"unboxed","_kad_post_vertical_padding":"hide","_kad_post_feature":"hide","_kad_post_feature_position":"","_kad_post_header":false,"_kad_post_footer":false,"_kad_post_classname":"","_joinchat":[],"footnotes":""},"class_list":["post-546","page","type-page","status-publish","hentry"],"yoast_head":"<!-- This site is optimized with the Yoast SEO plugin v27.4 - https:\/\/yoast.com\/product\/yoast-seo-wordpress\/ -->\n<title>Precios y condiciones - Apartamentos Verazul<\/title>\n<meta name=\"description\" content=\"Contacto alquiler vacacional en apartamentos Verazul en Vera, provincia de Almer\u00eda. Reserva de dias de vacaciones en la localidad de Vera\" \/>\n<meta name=\"robots\" content=\"index, follow, max-snippet:-1, max-image-preview:large, max-video-preview:-1\" \/>\n<link rel=\"canonical\" href=\"https:\/\/apartamentosverazul.com\/index.php\/precios-y-condiciones\/\" \/>\n<meta property=\"og:locale\" content=\"es_ES\" \/>\n<meta property=\"og:type\" content=\"article\" \/>\n<meta property=\"og:title\" content=\"Precios y condiciones - Apartamentos Verazul\" \/>\n<meta property=\"og:description\" content=\"Contacto alquiler vacacional en apartamentos Verazul en Vera, provincia de Almer\u00eda. Reserva de dias de vacaciones en la localidad de Vera\" \/>\n<meta property=\"og:url\" content=\"https:\/\/apartamentosverazul.com\/index.php\/precios-y-condiciones\/\" \/>\n<meta property=\"og:site_name\" content=\"Apartamentos Verazul\" \/>\n<meta property=\"article:modified_time\" content=\"2026-01-15T10:34:13+00:00\" \/>\n<meta name=\"twitter:card\" content=\"summary_large_image\" \/>\n<meta name=\"twitter:label1\" content=\"Tiempo de lectura\" \/>\n\t<meta name=\"twitter:data1\" content=\"3 minutos\" \/>\n<script type=\"application\/ld+json\" class=\"yoast-schema-graph\">{\"@context\":\"https:\\\/\\\/schema.org\",\"@graph\":[{\"@type\":\"WebPage\",\"@id\":\"https:\\\/\\\/apartamentosverazul.com\\\/index.php\\\/precios-y-condiciones\\\/\",\"url\":\"https:\\\/\\\/apartamentosverazul.com\\\/index.php\\\/precios-y-condiciones\\\/\",\"name\":\"Precios y condiciones - Apartamentos Verazul\",\"isPartOf\":{\"@id\":\"https:\\\/\\\/apartamentosverazul.com\\\/#website\"},\"datePublished\":\"2023-05-15T10:46:27+00:00\",\"dateModified\":\"2026-01-15T10:34:13+00:00\",\"description\":\"Contacto alquiler vacacional en apartamentos Verazul en Vera, provincia de Almer\u00eda. Reserva de dias de vacaciones en la localidad de Vera\",\"breadcrumb\":{\"@id\":\"https:\\\/\\\/apartamentosverazul.com\\\/index.php\\\/precios-y-condiciones\\\/#breadcrumb\"},\"inLanguage\":\"es\",\"potentialAction\":[{\"@type\":\"ReadAction\",\"target\":[\"https:\\\/\\\/apartamentosverazul.com\\\/index.php\\\/precios-y-condiciones\\\/\"]}]},{\"@type\":\"BreadcrumbList\",\"@id\":\"https:\\\/\\\/apartamentosverazul.com\\\/index.php\\\/precios-y-condiciones\\\/#breadcrumb\",\"itemListElement\":[{\"@type\":\"ListItem\",\"position\":1,\"name\":\"Portada\",\"item\":\"https:\\\/\\\/apartamentosverazul.com\\\/\"},{\"@type\":\"ListItem\",\"position\":2,\"name\":\"Precios y condiciones\"}]},{\"@type\":\"WebSite\",\"@id\":\"https:\\\/\\\/apartamentosverazul.com\\\/#website\",\"url\":\"https:\\\/\\\/apartamentosverazul.com\\\/\",\"name\":\"Apartamentos Verazul\",\"description\":\"Tu lugar en la costa de Almer\u00eda\",\"potentialAction\":[{\"@type\":\"SearchAction\",\"target\":{\"@type\":\"EntryPoint\",\"urlTemplate\":\"https:\\\/\\\/apartamentosverazul.com\\\/?s={search_term_string}\"},\"query-input\":{\"@type\":\"PropertyValueSpecification\",\"valueRequired\":true,\"valueName\":\"search_term_string\"}}],\"inLanguage\":\"es\"}]}<\/script>\n<!-- \/ Yoast SEO plugin. -->","yoast_head_json":{"title":"Precios y condiciones - Apartamentos Verazul","description":"Contacto alquiler vacacional en apartamentos Verazul en Vera, provincia de Almer\u00eda. Reserva de dias de vacaciones en la localidad de Vera","robots":{"index":"index","follow":"follow","max-snippet":"max-snippet:-1","max-image-preview":"max-image-preview:large","max-video-preview":"max-video-preview:-1"},"canonical":"https:\/\/apartamentosverazul.com\/index.php\/precios-y-condiciones\/","og_locale":"es_ES","og_type":"article","og_title":"Precios y condiciones - Apartamentos Verazul","og_description":"Contacto alquiler vacacional en apartamentos Verazul en Vera, provincia de Almer\u00eda. Reserva de dias de vacaciones en la localidad de Vera","og_url":"https:\/\/apartamentosverazul.com\/index.php\/precios-y-condiciones\/","og_site_name":"Apartamentos Verazul","article_modified_time":"2026-01-15T10:34:13+00:00","twitter_card":"summary_large_image","twitter_misc":{"Tiempo de lectura":"3 minutos"},"schema":{"@context":"https:\/\/schema.org","@graph":[{"@type":"WebPage","@id":"https:\/\/apartamentosverazul.com\/index.php\/precios-y-condiciones\/","url":"https:\/\/apartamentosverazul.com\/index.php\/precios-y-condiciones\/","name":"Precios y condiciones - Apartamentos Verazul","isPartOf":{"@id":"https:\/\/apartamentosverazul.com\/#website"},"datePublished":"2023-05-15T10:46:27+00:00","dateModified":"2026-01-15T10:34:13+00:00","description":"Contacto alquiler vacacional en apartamentos Verazul en Vera, provincia de Almer\u00eda. Reserva de dias de vacaciones en la localidad de Vera","breadcrumb":{"@id":"https:\/\/apartamentosverazul.com\/index.php\/precios-y-condiciones\/#breadcrumb"},"inLanguage":"es","potentialAction":[{"@type":"ReadAction","target":["https:\/\/apartamentosverazul.com\/index.php\/precios-y-condiciones\/"]}]},{"@type":"BreadcrumbList","@id":"https:\/\/apartamentosverazul.com\/index.php\/precios-y-condiciones\/#breadcrumb","itemListElement":[{"@type":"ListItem","position":1,"name":"Portada","item":"https:\/\/apartamentosverazul.com\/"},{"@type":"ListItem","position":2,"name":"Precios y condiciones"}]},{"@type":"WebSite","@id":"https:\/\/apartamentosverazul.com\/#website","url":"https:\/\/apartamentosverazul.com\/","name":"Apartamentos Verazul","description":"Tu lugar en la costa de Almer\u00eda","potentialAction":[{"@type":"SearchAction","target":{"@type":"EntryPoint","urlTemplate":"https:\/\/apartamentosverazul.com\/?s={search_term_string}"},"query-input":{"@type":"PropertyValueSpecification","valueRequired":true,"valueName":"search_term_string"}}],"inLanguage":"es"}]}},"_links":{"self":[{"href":"https:\/\/apartamentosverazul.com\/index.php\/wp-json\/wp\/v2\/pages\/546","targetHints":{"allow":["GET"]}}],"collection":[{"href":"https:\/\/apartamentosverazul.com\/index.php\/wp-json\/wp\/v2\/pages"}],"about":[{"href":"https:\/\/apartamentosverazul.com\/index.php\/wp-json\/wp\/v2\/types\/page"}],"author":[{"embeddable":true,"href":"https:\/\/apartamentosverazul.com\/index.php\/wp-json\/wp\/v2\/users\/1"}],"replies":[{"embeddable":true,"href":"https:\/\/apartamentosverazul.com\/index.php\/wp-json\/wp\/v2\/comments?post=546"}],"version-history":[{"count":76,"href":"https:\/\/apartamentosverazul.com\/index.php\/wp-json\/wp\/v2\/pages\/546\/revisions"}],"predecessor-version":[{"id":764,"href":"https:\/\/apartamentosverazul.com\/index.php\/wp-json\/wp\/v2\/pages\/546\/revisions\/764"}],"wp:attachment":[{"href":"https:\/\/apartamentosverazul.com\/index.php\/wp-json\/wp\/v2\/media?parent=546"}],"curies":[{"name":"wp","href":"https:\/\/api.w.org\/{rel}","templated":true}]}}